{"id":10489,"date":"2025-08-22T16:09:30","date_gmt":"2025-08-22T14:09:30","guid":{"rendered":"https:\/\/paria-edition.fr\/?page_id=10489"},"modified":"2025-08-22T16:10:48","modified_gmt":"2025-08-22T14:10:48","slug":"10489-2","status":"publish","type":"page","link":"https:\/\/paria-edition.fr\/index.php\/10489-2\/","title":{"rendered":"Politique de confidentialit\u00e9"},"content":{"rendered":"<p>[et_pb_section fb_built=\u00a0\u00bb1&Prime; _builder_version=\u00a0\u00bb4.27.4&Prime; _module_preset=\u00a0\u00bbdefault\u00a0\u00bb global_colors_info=\u00a0\u00bb{}\u00a0\u00bb][et_pb_row _builder_version=\u00a0\u00bb4.27.4&Prime; _module_preset=\u00a0\u00bbdefault\u00a0\u00bb global_colors_info=\u00a0\u00bb{}\u00a0\u00bb][et_pb_column type=\u00a0\u00bb4_4&Prime; _builder_version=\u00a0\u00bb4.27.4&Prime; _module_preset=\u00a0\u00bbdefault\u00a0\u00bb global_colors_info=\u00a0\u00bb{}\u00a0\u00bb][et_pb_text _builder_version=\u00a0\u00bb4.27.4&Prime; _module_preset=\u00a0\u00bbdefault\u00a0\u00bb hover_enabled=\u00a0\u00bb0&Prime; global_colors_info=\u00a0\u00bb{}\u00a0\u00bb sticky_enabled=\u00a0\u00bb0&Prime;]<\/p>\n<h2 data-start=\"198\" data-end=\"231\">Politique de confidentialit\u00e9<\/h2>\n<p data-start=\"233\" data-end=\"279\">L&rsquo;application de l&rsquo;Ordre de Veiel respecte votre vie priv\u00e9e.<\/p>\n<ul data-start=\"280\" data-end=\"681\">\n<li data-start=\"280\" data-end=\"390\">\n<p data-start=\"282\" data-end=\"390\"><strong data-start=\"282\" data-end=\"348\">Aucune donn\u00e9e personnelle n\u2019est collect\u00e9e, stock\u00e9e ou partag\u00e9e<\/strong> lors de l\u2019utilisation de l\u2019application.<\/p>\n<\/li>\n<li data-start=\"391\" data-end=\"506\">\n<p data-start=\"393\" data-end=\"506\">Nous n\u2019utilisons aucun service tiers de suivi ou d\u2019analyse susceptible de recueillir des informations sur vous.<\/p>\n<\/li>\n<li data-start=\"507\" data-end=\"681\">\n<p data-start=\"509\" data-end=\"681\">L\u2019application fonctionne uniquement avec les informations disponibles sur votre appareil et n\u2019exige aucune inscription, connexion ou transmission de donn\u00e9es personnelles.<\/p>\n<\/li>\n<\/ul>\n<p data-start=\"683\" data-end=\"805\">En r\u00e9sum\u00e9, votre utilisation de cette application est totalement anonyme et aucune information ne quitte votre appareil.<\/p>\n<p data-start=\"807\" data-end=\"959\">Si vous avez des questions \u00e0 propos de cette politique de confidentialit\u00e9, vous pouvez nous contacter \u00e0 l\u2019adresse suivante: contact@paria-edition.fr.<\/p>\n<p>[\/et_pb_text][\/et_pb_column][\/et_pb_row][\/et_pb_section]<\/p>\n","protected":false},"excerpt":{"rendered":"<p>Politique de confidentialit\u00e9 L&rsquo;application de l&rsquo;Ordre de Veiel respecte votre vie priv\u00e9e. Aucune donn\u00e9e personnelle n\u2019est collect\u00e9e, stock\u00e9e ou partag\u00e9e lors de l\u2019utilisation de l\u2019application. Nous n\u2019utilisons aucun service tiers de suivi ou d\u2019analyse susceptible de recueillir des informations sur vous. L\u2019application fonctionne uniquement avec les informations disponibles sur votre appareil et n\u2019exige aucune inscription, [&hellip;]<\/p>\n","protected":false},"author":1,"featured_media":0,"parent":0,"menu_order":0,"comment_status":"closed","ping_status":"closed","template":"","meta":{"_seopress_robots_primary_cat":"","_seopress_titles_title":"","_seopress_titles_desc":"","_seopress_robots_index":"","_et_pb_use_builder":"on","_et_pb_old_content":"","_et_gb_content_width":"","footnotes":""},"class_list":["post-10489","page","type-page","status-publish","hentry"],"_links":{"self":[{"href":"https:\/\/paria-edition.fr\/index.php\/wp-json\/wp\/v2\/pages\/10489","targetHints":{"allow":["GET"]}}],"collection":[{"href":"https:\/\/paria-edition.fr\/index.php\/wp-json\/wp\/v2\/pages"}],"about":[{"href":"https:\/\/paria-edition.fr\/index.php\/wp-json\/wp\/v2\/types\/page"}],"author":[{"embeddable":true,"href":"https:\/\/paria-edition.fr\/index.php\/wp-json\/wp\/v2\/users\/1"}],"replies":[{"embeddable":true,"href":"https:\/\/paria-edition.fr\/index.php\/wp-json\/wp\/v2\/comments?post=10489"}],"version-history":[{"count":4,"href":"https:\/\/paria-edition.fr\/index.php\/wp-json\/wp\/v2\/pages\/10489\/revisions"}],"predecessor-version":[{"id":10495,"href":"https:\/\/paria-edition.fr\/index.php\/wp-json\/wp\/v2\/pages\/10489\/revisions\/10495"}],"wp:attachment":[{"href":"https:\/\/paria-edition.fr\/index.php\/wp-json\/wp\/v2\/media?parent=10489"}],"curies":[{"name":"wp","href":"https:\/\/api.w.org\/{rel}","templated":true}]}}